{"id":2,"date":"2013-04-18T23:13:17","date_gmt":"2013-04-18T22:13:17","guid":{"rendered":"http:\/\/marathon.blackbulls.com.pt\/wordpress\/?page_id=2"},"modified":"2021-01-05T21:15:45","modified_gmt":"2021-01-05T21:15:45","slug":"equipa","status":"publish","type":"page","link":"https:\/\/blackbulls.pt\/?page_id=2","title":{"rendered":"BlackBulls Cycling Team"},"content":{"rendered":"<p style=\"text-align: justify;\"><strong>O Inicio de uma Era<\/strong><br \/>\nDa paix\u00e3o pelo desporto ao ar livre, em particular o ciclismo, do companheirismo e amizade de v\u00e1rios atletas, nasceu em 2010, na localidade de Pereira, Coimbra, a BlackBulls Cycling Team.<br \/>\nCom o objetivo de fomentar o desporto, a amizade entre todos e um estilo de vida saud\u00e1vel, rapidamente o grupo transformou-se em equipa com objetivos bem definidos e cada vez mais ambiciosos.<\/p>\n<div class=\"eds-animate edsanimate-sis-hidden \" data-eds-entry-animation=\"fadeIn\" data-eds-entry-delay=\"0\" data-eds-entry-duration=\"0.5\" data-eds-entry-timing=\"ease-in\" data-eds-exit-animation=\"\" data-eds-exit-delay=\"\" data-eds-exit-duration=\"\" data-eds-exit-timing=\"\" data-eds-repeat-count=\"1\" data-eds-keep=\"yes\" data-eds-animate-on=\"load\" data-eds-scroll-offset=\"\">\n<p><img loading=\"lazy\" class=\"aligncenter wp-image-2280\" src=\"https:\/\/blackbulls.pt\/wp-content\/uploads\/2020\/12\/Foto_1-1024x679.jpg\" alt=\"\" width=\"600\" height=\"398\" srcset=\"https:\/\/blackbulls.pt\/wp-content\/uploads\/2020\/12\/Foto_1-1024x679.jpg 1024w, https:\/\/blackbulls.pt\/wp-content\/uploads\/2020\/12\/Foto_1-300x199.jpg 300w, https:\/\/blackbulls.pt\/wp-content\/uploads\/2020\/12\/Foto_1-768x509.jpg 768w, https:\/\/blackbulls.pt\/wp-content\/uploads\/2020\/12\/Foto_1-830x551.jpg 830w, https:\/\/blackbulls.pt\/wp-content\/uploads\/2020\/12\/Foto_1-230x153.jpg 230w, https:\/\/blackbulls.pt\/wp-content\/uploads\/2020\/12\/Foto_1-350x232.jpg 350w, https:\/\/blackbulls.pt\/wp-content\/uploads\/2020\/12\/Foto_1-480x318.jpg 480w, https:\/\/blackbulls.pt\/wp-content\/uploads\/2020\/12\/Foto_1.jpg 1497w\" sizes=\"(max-width: 600px) 100vw, 600px\" \/><\/p>\n<\/div>\n<p>Com o touro, animal mitol\u00f3gico admirado e respeitado, como s\u00edmbolo que identifica na perfei\u00e7\u00e3o a garra e a perseveran\u00e7a deste grupo, nasce a equipa que hoje \u00e9 j\u00e1 uma das refer\u00eancias a n\u00edvel Regional e que come\u00e7a a passos largos a marcar a sua posi\u00e7\u00e3o no panorama Nacional.<\/p>\n<p><img loading=\"lazy\" class=\"wp-image-2281 aligncenter\" src=\"https:\/\/blackbulls.pt\/wp-content\/uploads\/2020\/12\/Foto_2-1024x679.jpg\" alt=\"\" width=\"600\" height=\"398\" srcset=\"https:\/\/blackbulls.pt\/wp-content\/uploads\/2020\/12\/Foto_2-1024x679.jpg 1024w, https:\/\/blackbulls.pt\/wp-content\/uploads\/2020\/12\/Foto_2-300x199.jpg 300w, https:\/\/blackbulls.pt\/wp-content\/uploads\/2020\/12\/Foto_2-768x509.jpg 768w, https:\/\/blackbulls.pt\/wp-content\/uploads\/2020\/12\/Foto_2-830x550.jpg 830w, https:\/\/blackbulls.pt\/wp-content\/uploads\/2020\/12\/Foto_2-230x152.jpg 230w, https:\/\/blackbulls.pt\/wp-content\/uploads\/2020\/12\/Foto_2-350x232.jpg 350w, https:\/\/blackbulls.pt\/wp-content\/uploads\/2020\/12\/Foto_2-480x318.jpg 480w, https:\/\/blackbulls.pt\/wp-content\/uploads\/2020\/12\/Foto_2.jpg 1488w\" sizes=\"(max-width: 600px) 100vw, 600px\" \/><\/p>\n<p><strong>A Uni\u00e3o faz a For\u00e7a<\/strong><br \/>\nO entusiasmo da equipa pela modalidade, leva cada vez mais \u00e0 participa\u00e7\u00e3o ass\u00eddua dos atletas nas diversas provas da regi\u00e3o e um pouco por todo o Pa\u00eds.<br \/>\nCom a participa\u00e7\u00e3o ativa dos BlackBulls nas diversas provas, \u00e9 not\u00f3ria a visibilidade crescente dos atletas da equipa.<br \/>\nO nome BlackBulls gera uma corrente de interesse, atraindo mais e melhores atletas, que adquirem quase instantaneamente o espirito desta equipa.<\/p>\n<p><img loading=\"lazy\" class=\"wp-image-2288 aligncenter\" src=\"https:\/\/blackbulls.pt\/wp-content\/uploads\/2020\/12\/Foto_11.jpg\" alt=\"\" width=\"600\" height=\"399\" srcset=\"https:\/\/blackbulls.pt\/wp-content\/uploads\/2020\/12\/Foto_11.jpg 960w, https:\/\/blackbulls.pt\/wp-content\/uploads\/2020\/12\/Foto_11-300x200.jpg 300w, https:\/\/blackbulls.pt\/wp-content\/uploads\/2020\/12\/Foto_11-768x511.jpg 768w, https:\/\/blackbulls.pt\/wp-content\/uploads\/2020\/12\/Foto_11-830x552.jpg 830w, https:\/\/blackbulls.pt\/wp-content\/uploads\/2020\/12\/Foto_11-230x153.jpg 230w, https:\/\/blackbulls.pt\/wp-content\/uploads\/2020\/12\/Foto_11-350x233.jpg 350w, https:\/\/blackbulls.pt\/wp-content\/uploads\/2020\/12\/Foto_11-480x320.jpg 480w\" sizes=\"(max-width: 600px) 100vw, 600px\" \/><\/p>\n<p>Revelando uma motiva\u00e7\u00e3o crescente, a amig\u00e1vel competi\u00e7\u00e3o entre os atletas origina a sua evolu\u00e7\u00e3o que rapidamente leva ao aparecimento dos primeiros resultados positivos nas v\u00e1rias provas disputadas na regi\u00e3o. A equipa foi conquistando v\u00e1rios p\u00f3dios individuais e coletivos.<\/p>\n<p><img loading=\"lazy\" class=\"wp-image-2336 aligncenter\" src=\"https:\/\/blackbulls.pt\/wp-content\/uploads\/2020\/12\/Foto_1.png\" alt=\"\" width=\"600\" height=\"446\" srcset=\"https:\/\/blackbulls.pt\/wp-content\/uploads\/2020\/12\/Foto_1.png 722w, https:\/\/blackbulls.pt\/wp-content\/uploads\/2020\/12\/Foto_1-300x223.png 300w, https:\/\/blackbulls.pt\/wp-content\/uploads\/2020\/12\/Foto_1-230x171.png 230w, https:\/\/blackbulls.pt\/wp-content\/uploads\/2020\/12\/Foto_1-350x260.png 350w, https:\/\/blackbulls.pt\/wp-content\/uploads\/2020\/12\/Foto_1-480x357.png 480w\" sizes=\"(max-width: 600px) 100vw, 600px\" \/><\/p>\n<p><strong>BlackBulls Marathon<\/strong><br \/>\nCom o crescimento da modalidade era natural o aparecimento da primeira prova organizada pela Equipa. Nasce assim, em 2011, a BlackBulls Marathon.<br \/>\nNa primeira edi\u00e7\u00e3o da prova, cerca de 500 atletas visitaram Pereira, dando um colorido a esta localidade do concelho de Montemor-o-Velho.<br \/>\nNo final a equipa recebeu largos elogios, n\u00e3o apenas relativamente \u00e0 qualidade dos percursos como tamb\u00e9m \u00e0 organiza\u00e7\u00e3o no geral.<\/p>\n<p><img loading=\"lazy\" class=\"wp-image-2285 aligncenter\" src=\"https:\/\/blackbulls.pt\/wp-content\/uploads\/2020\/12\/Foto_8-1024x685.jpg\" alt=\"\" width=\"600\" height=\"401\" srcset=\"https:\/\/blackbulls.pt\/wp-content\/uploads\/2020\/12\/Foto_8-1024x685.jpg 1024w, https:\/\/blackbulls.pt\/wp-content\/uploads\/2020\/12\/Foto_8-300x201.jpg 300w, https:\/\/blackbulls.pt\/wp-content\/uploads\/2020\/12\/Foto_8-768x514.jpg 768w, https:\/\/blackbulls.pt\/wp-content\/uploads\/2020\/12\/Foto_8-1536x1028.jpg 1536w, https:\/\/blackbulls.pt\/wp-content\/uploads\/2020\/12\/Foto_8-830x555.jpg 830w, https:\/\/blackbulls.pt\/wp-content\/uploads\/2020\/12\/Foto_8-230x154.jpg 230w, https:\/\/blackbulls.pt\/wp-content\/uploads\/2020\/12\/Foto_8-350x234.jpg 350w, https:\/\/blackbulls.pt\/wp-content\/uploads\/2020\/12\/Foto_8-480x321.jpg 480w, https:\/\/blackbulls.pt\/wp-content\/uploads\/2020\/12\/Foto_8.jpg 2048w\" sizes=\"(max-width: 600px) 100vw, 600px\" \/><\/p>\n<p>A qualidade organizativa da BlackBulls Marathon, valeu a sucessiva realiza\u00e7\u00e3o do Campeonato Regional do Centro de XCM, prova que define os Campe\u00f5es Regionais da modalidade.<br \/>\nRapidamente foi reconhecida por muitos, como sendo a prova refer\u00eancia na zona Centro, ao n\u00edvel do que melhor se faz nas provas da Ta\u00e7a do Mundo.<\/p>\n<p><img loading=\"lazy\" class=\"aligncenter wp-image-2337\" src=\"https:\/\/blackbulls.pt\/wp-content\/uploads\/2020\/12\/Foto_2.png\" alt=\"\" width=\"600\" height=\"444\" srcset=\"https:\/\/blackbulls.pt\/wp-content\/uploads\/2020\/12\/Foto_2.png 722w, https:\/\/blackbulls.pt\/wp-content\/uploads\/2020\/12\/Foto_2-300x222.png 300w, https:\/\/blackbulls.pt\/wp-content\/uploads\/2020\/12\/Foto_2-230x170.png 230w, https:\/\/blackbulls.pt\/wp-content\/uploads\/2020\/12\/Foto_2-350x259.png 350w, https:\/\/blackbulls.pt\/wp-content\/uploads\/2020\/12\/Foto_2-480x355.png 480w\" sizes=\"(max-width: 600px) 100vw, 600px\" \/><\/p>\n<p><strong>Uma nova Etapa<\/strong><br \/>\nEm 2014, a equipa mudou-se de armas e bagagens para junto daquela que \u00e9 considerada uma das catedrais do BTT, a bela Serra do Sic\u00f3.<br \/>\nEsta aposta valeu, na edi\u00e7\u00e3o inaugural fora de Pereira, a melhor organiza\u00e7\u00e3o de sempre da BlackBulls Marathon.<\/p>\n<p><img loading=\"lazy\" class=\"aligncenter wp-image-2338\" src=\"https:\/\/blackbulls.pt\/wp-content\/uploads\/2020\/12\/Foto_3.png\" alt=\"\" width=\"600\" height=\"461\" srcset=\"https:\/\/blackbulls.pt\/wp-content\/uploads\/2020\/12\/Foto_3.png 696w, https:\/\/blackbulls.pt\/wp-content\/uploads\/2020\/12\/Foto_3-300x231.png 300w, https:\/\/blackbulls.pt\/wp-content\/uploads\/2020\/12\/Foto_3-230x177.png 230w, https:\/\/blackbulls.pt\/wp-content\/uploads\/2020\/12\/Foto_3-350x269.png 350w, https:\/\/blackbulls.pt\/wp-content\/uploads\/2020\/12\/Foto_3-480x369.png 480w\" sizes=\"(max-width: 600px) 100vw, 600px\" \/><\/p>\n<p>Com a mudan\u00e7a foi tamb\u00e9m poss\u00edvel dar aos atletas condi\u00e7\u00f5es que permitiram colocar a equipa num patamar ainda mais elevado enquanto Equipa Desportiva de Competi\u00e7\u00e3o.<br \/>\nNo primeiro ano, diversos atletas disputaram a Ta\u00e7a e o Campeonato Regional de XCM e a Ta\u00e7a Nacional de XCM.<\/p>\n<p><strong>XCO Alcabideque<\/strong><br \/>\nEm 2016, numa organiza\u00e7\u00e3o conjunta da BlackBulls \/ Clube de Condeixa e CCR de Alcabideque, num evento inserido na Ta\u00e7a Regional do Centro de XCO da Associa\u00e7\u00e3o de Ciclismo de Aveiro, o m\u00edtico circuito de Alcabideque esteve de volta.<\/p>\n<p><img loading=\"lazy\" class=\"wp-image-2303 aligncenter\" src=\"https:\/\/blackbulls.pt\/wp-content\/uploads\/2020\/12\/Foto_34-1024x497.jpg\" alt=\"\" width=\"600\" height=\"291\" srcset=\"https:\/\/blackbulls.pt\/wp-content\/uploads\/2020\/12\/Foto_34-1024x497.jpg 1024w, https:\/\/blackbulls.pt\/wp-content\/uploads\/2020\/12\/Foto_34-300x146.jpg 300w, https:\/\/blackbulls.pt\/wp-content\/uploads\/2020\/12\/Foto_34-768x373.jpg 768w, https:\/\/blackbulls.pt\/wp-content\/uploads\/2020\/12\/Foto_34-1536x746.jpg 1536w, https:\/\/blackbulls.pt\/wp-content\/uploads\/2020\/12\/Foto_34-830x403.jpg 830w, https:\/\/blackbulls.pt\/wp-content\/uploads\/2020\/12\/Foto_34-230x112.jpg 230w, https:\/\/blackbulls.pt\/wp-content\/uploads\/2020\/12\/Foto_34-350x170.jpg 350w, https:\/\/blackbulls.pt\/wp-content\/uploads\/2020\/12\/Foto_34-480x233.jpg 480w, https:\/\/blackbulls.pt\/wp-content\/uploads\/2020\/12\/Foto_34.jpg 1620w\" sizes=\"(max-width: 600px) 100vw, 600px\" \/><br \/>\nPalco por onde passaram muitos dos atuais atletas da modalidade, renasceu a pista de XCO de Alcabideque, cheio de trilhos fenomenais. Um subir e descer empolgante e divertido!<br \/>\nAl\u00e9m dos atletas que competiam na Ta\u00e7a Regional de XCO, estiveram tamb\u00e9m presentes v\u00e1rios atletas da Sele\u00e7\u00e3o Madrilena de BTT.<\/p>\n<p><img loading=\"lazy\" class=\"aligncenter wp-image-2339\" src=\"https:\/\/blackbulls.pt\/wp-content\/uploads\/2020\/12\/Foto_4.png\" alt=\"\" width=\"600\" height=\"395\" srcset=\"https:\/\/blackbulls.pt\/wp-content\/uploads\/2020\/12\/Foto_4.png 720w, https:\/\/blackbulls.pt\/wp-content\/uploads\/2020\/12\/Foto_4-300x198.png 300w, https:\/\/blackbulls.pt\/wp-content\/uploads\/2020\/12\/Foto_4-230x151.png 230w, https:\/\/blackbulls.pt\/wp-content\/uploads\/2020\/12\/Foto_4-350x230.png 350w, https:\/\/blackbulls.pt\/wp-content\/uploads\/2020\/12\/Foto_4-480x316.png 480w\" sizes=\"(max-width: 600px) 100vw, 600px\" \/><\/p>\n<p><strong>A Prova do Ano<\/strong><br \/>\nAp\u00f3s v\u00e1rios anos a participar no Campeonato Regional de XCM, a equipa optou por organizar uma prova num formato diferente do habitual.<br \/>\nEm 2017 nasce a BlackBulls 100 com 3 percursos \u00e0 disposi\u00e7\u00e3o.<br \/>\nAquele atleta mais bem preparado, sem receio de testar os seus limites, teria um desafio \u00e0 altura, a BlackBulls 100. 100 km com altimetria pr\u00f3xima de 3000 d+.<br \/>\nA BlackBulls 50, para aquele atleta que estando bem preparado, prefere menos dist\u00e2ncia. Um desafio ao alcance de todos.<br \/>\nPara os atletas que tinham como objetivo, passar uma manh\u00e3 agrad\u00e1vel na companhia da fam\u00edlia e amigos, poderia optar pela BlackBulls 30.<\/p>\n<p><img loading=\"lazy\" class=\"wp-image-2306 aligncenter\" src=\"https:\/\/blackbulls.pt\/wp-content\/uploads\/2020\/12\/Foto_42-1024x680.jpg\" alt=\"\" width=\"600\" height=\"398\" srcset=\"https:\/\/blackbulls.pt\/wp-content\/uploads\/2020\/12\/Foto_42-1024x680.jpg 1024w, https:\/\/blackbulls.pt\/wp-content\/uploads\/2020\/12\/Foto_42-300x199.jpg 300w, https:\/\/blackbulls.pt\/wp-content\/uploads\/2020\/12\/Foto_42-768x510.jpg 768w, https:\/\/blackbulls.pt\/wp-content\/uploads\/2020\/12\/Foto_42-1536x1020.jpg 1536w, https:\/\/blackbulls.pt\/wp-content\/uploads\/2020\/12\/Foto_42-830x551.jpg 830w, https:\/\/blackbulls.pt\/wp-content\/uploads\/2020\/12\/Foto_42-230x153.jpg 230w, https:\/\/blackbulls.pt\/wp-content\/uploads\/2020\/12\/Foto_42-350x232.jpg 350w, https:\/\/blackbulls.pt\/wp-content\/uploads\/2020\/12\/Foto_42-480x319.jpg 480w, https:\/\/blackbulls.pt\/wp-content\/uploads\/2020\/12\/Foto_42.jpg 2048w\" sizes=\"(max-width: 600px) 100vw, 600px\" \/><\/p>\n<p>Centenas de atletas aceitaram o desafio e encheram as ruas de Condeixa-a-Nova com as suas m\u00e1quinas preparadas para um dia em cheio de puro BTT!<br \/>\nForam largos os elogios ao conceito diferenciador da BlackBulls 100 e \u00e0 organiza\u00e7\u00e3o que mais uma vez providenciou um evento para mais tarde recordar.<\/p>\n<p><img loading=\"lazy\" class=\"wp-image-2308 aligncenter\" src=\"https:\/\/blackbulls.pt\/wp-content\/uploads\/2020\/12\/Foto_45-1024x680.jpg\" alt=\"\" width=\"600\" height=\"398\" srcset=\"https:\/\/blackbulls.pt\/wp-content\/uploads\/2020\/12\/Foto_45-1024x680.jpg 1024w, https:\/\/blackbulls.pt\/wp-content\/uploads\/2020\/12\/Foto_45-300x199.jpg 300w, https:\/\/blackbulls.pt\/wp-content\/uploads\/2020\/12\/Foto_45-768x510.jpg 768w, https:\/\/blackbulls.pt\/wp-content\/uploads\/2020\/12\/Foto_45-1536x1020.jpg 1536w, https:\/\/blackbulls.pt\/wp-content\/uploads\/2020\/12\/Foto_45-830x551.jpg 830w, https:\/\/blackbulls.pt\/wp-content\/uploads\/2020\/12\/Foto_45-230x153.jpg 230w, https:\/\/blackbulls.pt\/wp-content\/uploads\/2020\/12\/Foto_45-350x232.jpg 350w, https:\/\/blackbulls.pt\/wp-content\/uploads\/2020\/12\/Foto_45-480x319.jpg 480w, https:\/\/blackbulls.pt\/wp-content\/uploads\/2020\/12\/Foto_45.jpg 2048w\" sizes=\"(max-width: 600px) 100vw, 600px\" \/><\/p>\n<p><strong>A marcar a diferen\u00e7a<\/strong><br \/>\nComo meio de preservar o ambiente, uma das decis\u00f5es principais ao organizar a BlackBulls 100, foi a n\u00e3o utiliza\u00e7\u00e3o de fitas pl\u00e1sticas a marcar os percursos. Em substitui\u00e7\u00e3o foram utilizadas placas de sinaliza\u00e7\u00e3o e cal.<br \/>\nTamb\u00e9m os atletas que chegavam \u00e0 meta com as suas embalagens de gel e barras energ\u00e9ticas j\u00e1 utilizadas, teriam a oportunidade, por interm\u00e9dio de sorteio, de ganhar pr\u00e9mios.<br \/>\nCom esta iniciativa foi poss\u00edvel recolher dezenas de embalagens.<\/p>\n<p><img loading=\"lazy\" class=\"wp-image-2310 aligncenter\" src=\"https:\/\/blackbulls.pt\/wp-content\/uploads\/2020\/12\/Foto_49-1024x764.jpg\" alt=\"\" width=\"600\" height=\"448\" srcset=\"https:\/\/blackbulls.pt\/wp-content\/uploads\/2020\/12\/Foto_49-1024x764.jpg 1024w, https:\/\/blackbulls.pt\/wp-content\/uploads\/2020\/12\/Foto_49-300x224.jpg 300w, https:\/\/blackbulls.pt\/wp-content\/uploads\/2020\/12\/Foto_49-768x573.jpg 768w, https:\/\/blackbulls.pt\/wp-content\/uploads\/2020\/12\/Foto_49-1536x1147.jpg 1536w, https:\/\/blackbulls.pt\/wp-content\/uploads\/2020\/12\/Foto_49-830x620.jpg 830w, https:\/\/blackbulls.pt\/wp-content\/uploads\/2020\/12\/Foto_49-230x172.jpg 230w, https:\/\/blackbulls.pt\/wp-content\/uploads\/2020\/12\/Foto_49-350x261.jpg 350w, https:\/\/blackbulls.pt\/wp-content\/uploads\/2020\/12\/Foto_49-480x358.jpg 480w, https:\/\/blackbulls.pt\/wp-content\/uploads\/2020\/12\/Foto_49.jpg 1822w\" sizes=\"(max-width: 600px) 100vw, 600px\" \/><\/p>\n<p><strong>A Associa\u00e7\u00e3o<\/strong><br \/>\nNo inicio de 2020, nasceu a Associa\u00e7\u00e3o BlackBulls Cycling Team. Como n\u00e3o poderia deixar de ser, a equipa manteve-se no concelho de Condeixa-a-Nova e assim ficar mais perto da bela Serra do Sic\u00f3.<\/p>\n<p><img loading=\"lazy\" class=\"aligncenter wp-image-2311\" src=\"https:\/\/blackbulls.pt\/wp-content\/uploads\/2020\/12\/Foto_50.jpg\" alt=\"\" width=\"600\" height=\"450\" srcset=\"https:\/\/blackbulls.pt\/wp-content\/uploads\/2020\/12\/Foto_50.jpg 960w, https:\/\/blackbulls.pt\/wp-content\/uploads\/2020\/12\/Foto_50-300x225.jpg 300w, https:\/\/blackbulls.pt\/wp-content\/uploads\/2020\/12\/Foto_50-768x576.jpg 768w, https:\/\/blackbulls.pt\/wp-content\/uploads\/2020\/12\/Foto_50-830x623.jpg 830w, https:\/\/blackbulls.pt\/wp-content\/uploads\/2020\/12\/Foto_50-230x173.jpg 230w, https:\/\/blackbulls.pt\/wp-content\/uploads\/2020\/12\/Foto_50-350x263.jpg 350w, https:\/\/blackbulls.pt\/wp-content\/uploads\/2020\/12\/Foto_50-480x360.jpg 480w\" sizes=\"(max-width: 600px) 100vw, 600px\" \/><\/p>\n<p>Atualmente a BlackBulls Cycling Team \u00e9 constitu\u00edda por cerca de 50 atletas a competir e participar nas v\u00e1rias provas, seja BTT ou estrada, desfrutando do prazer deste nosso desporto que tanto contribui para o bem estar f\u00edsico e ps\u00edquico.<\/p>\n<p><img loading=\"lazy\" class=\"aligncenter wp-image-2312\" src=\"https:\/\/blackbulls.pt\/wp-content\/uploads\/2020\/12\/Foto_51.jpg\" alt=\"\" width=\"600\" height=\"450\" srcset=\"https:\/\/blackbulls.pt\/wp-content\/uploads\/2020\/12\/Foto_51.jpg 960w, https:\/\/blackbulls.pt\/wp-content\/uploads\/2020\/12\/Foto_51-300x225.jpg 300w, https:\/\/blackbulls.pt\/wp-content\/uploads\/2020\/12\/Foto_51-768x576.jpg 768w, https:\/\/blackbulls.pt\/wp-content\/uploads\/2020\/12\/Foto_51-830x623.jpg 830w, https:\/\/blackbulls.pt\/wp-content\/uploads\/2020\/12\/Foto_51-230x173.jpg 230w, https:\/\/blackbulls.pt\/wp-content\/uploads\/2020\/12\/Foto_51-350x263.jpg 350w, https:\/\/blackbulls.pt\/wp-content\/uploads\/2020\/12\/Foto_51-480x360.jpg 480w\" sizes=\"(max-width: 600px) 100vw, 600px\" \/><\/p>\n<p><strong>Subir \u201cde patamar\u201d<\/strong><br \/>\nEm outubro de 2020 foi poss\u00edvel organizar, pela primeira vez na nossa regi\u00e3o, e em conjunto com a Federa\u00e7\u00e3o Portuguesa de Ciclismo, o Campeonato Nacional de XCM, a prova mais emblem\u00e1tica do BTT Nacional.<\/p>\n<p style=\"text-align: center;\"><img loading=\"lazy\" class=\"wp-image-2345 aligncenter\" src=\"https:\/\/blackbulls.pt\/wp-content\/uploads\/2020\/12\/121309341_2120440988100715_3554014318441019235_o-1024x683.jpg\" alt=\"\" width=\"600\" height=\"400\" srcset=\"https:\/\/blackbulls.pt\/wp-content\/uploads\/2020\/12\/121309341_2120440988100715_3554014318441019235_o-1024x683.jpg 1024w, https:\/\/blackbulls.pt\/wp-content\/uploads\/2020\/12\/121309341_2120440988100715_3554014318441019235_o-300x200.jpg 300w, https:\/\/blackbulls.pt\/wp-content\/uploads\/2020\/12\/121309341_2120440988100715_3554014318441019235_o-768x512.jpg 768w, https:\/\/blackbulls.pt\/wp-content\/uploads\/2020\/12\/121309341_2120440988100715_3554014318441019235_o-1536x1024.jpg 1536w, https:\/\/blackbulls.pt\/wp-content\/uploads\/2020\/12\/121309341_2120440988100715_3554014318441019235_o-830x553.jpg 830w, https:\/\/blackbulls.pt\/wp-content\/uploads\/2020\/12\/121309341_2120440988100715_3554014318441019235_o-230x153.jpg 230w, https:\/\/blackbulls.pt\/wp-content\/uploads\/2020\/12\/121309341_2120440988100715_3554014318441019235_o-350x233.jpg 350w, https:\/\/blackbulls.pt\/wp-content\/uploads\/2020\/12\/121309341_2120440988100715_3554014318441019235_o-480x320.jpg 480w, https:\/\/blackbulls.pt\/wp-content\/uploads\/2020\/12\/121309341_2120440988100715_3554014318441019235_o.jpg 1800w\" sizes=\"(max-width: 600px) 100vw, 600px\" \/><\/p>\n<p>Num dif\u00edcil contexto de pandemia, e tendo como pano de fundo as Ru\u00ednas de Conimbriga e a Serra do Sic\u00f3, mostr\u00e1mos um pouco do que a nossa regi\u00e3o tem para oferecer, n\u00e3o s\u00f3 a n\u00edvel dos v\u00e1rios trilhos na bela serra do Sic\u00f3, como tamb\u00e9m a n\u00edvel cultural e gastron\u00f3mico.<\/p>\n<p><img loading=\"lazy\" class=\"aligncenter wp-image-2352\" src=\"https:\/\/blackbulls.pt\/wp-content\/uploads\/2020\/12\/121095607_2119763324835148_3469338902156580231_o-1024x682.jpg\" alt=\"\" width=\"600\" height=\"400\" srcset=\"https:\/\/blackbulls.pt\/wp-content\/uploads\/2020\/12\/121095607_2119763324835148_3469338902156580231_o-1024x682.jpg 1024w, https:\/\/blackbulls.pt\/wp-content\/uploads\/2020\/12\/121095607_2119763324835148_3469338902156580231_o-300x200.jpg 300w, https:\/\/blackbulls.pt\/wp-content\/uploads\/2020\/12\/121095607_2119763324835148_3469338902156580231_o-768x512.jpg 768w, https:\/\/blackbulls.pt\/wp-content\/uploads\/2020\/12\/121095607_2119763324835148_3469338902156580231_o-1536x1023.jpg 1536w, https:\/\/blackbulls.pt\/wp-content\/uploads\/2020\/12\/121095607_2119763324835148_3469338902156580231_o-830x553.jpg 830w, https:\/\/blackbulls.pt\/wp-content\/uploads\/2020\/12\/121095607_2119763324835148_3469338902156580231_o-230x153.jpg 230w, https:\/\/blackbulls.pt\/wp-content\/uploads\/2020\/12\/121095607_2119763324835148_3469338902156580231_o-350x233.jpg 350w, https:\/\/blackbulls.pt\/wp-content\/uploads\/2020\/12\/121095607_2119763324835148_3469338902156580231_o-480x320.jpg 480w, https:\/\/blackbulls.pt\/wp-content\/uploads\/2020\/12\/121095607_2119763324835148_3469338902156580231_o.jpg 1600w\" sizes=\"(max-width: 600px) 100vw, 600px\" \/><\/p>\n<p>As restri\u00e7\u00f5es impostas pela DGS \u00e0 realiza\u00e7\u00e3o de eventos desportivos, o pouco tempo dispon\u00edvel e a limita\u00e7\u00e3o do percurso ao Concelho de Condeixa, levou-nos a tomar decis\u00f5es, que apesar de todas as d\u00favidas e incertezas, se revelaram uma aposta ganha.<\/p>\n<p><img loading=\"lazy\" class=\"wp-image-2344 aligncenter\" src=\"https:\/\/blackbulls.pt\/wp-content\/uploads\/2020\/12\/121107764_2120738128071001_7984256116774205240_o-1024x683.jpg\" alt=\"\" width=\"600\" height=\"400\" srcset=\"https:\/\/blackbulls.pt\/wp-content\/uploads\/2020\/12\/121107764_2120738128071001_7984256116774205240_o-1024x683.jpg 1024w, https:\/\/blackbulls.pt\/wp-content\/uploads\/2020\/12\/121107764_2120738128071001_7984256116774205240_o-300x200.jpg 300w, https:\/\/blackbulls.pt\/wp-content\/uploads\/2020\/12\/121107764_2120738128071001_7984256116774205240_o-768x512.jpg 768w, https:\/\/blackbulls.pt\/wp-content\/uploads\/2020\/12\/121107764_2120738128071001_7984256116774205240_o-1536x1024.jpg 1536w, https:\/\/blackbulls.pt\/wp-content\/uploads\/2020\/12\/121107764_2120738128071001_7984256116774205240_o-830x553.jpg 830w, https:\/\/blackbulls.pt\/wp-content\/uploads\/2020\/12\/121107764_2120738128071001_7984256116774205240_o-230x153.jpg 230w, https:\/\/blackbulls.pt\/wp-content\/uploads\/2020\/12\/121107764_2120738128071001_7984256116774205240_o-350x233.jpg 350w, https:\/\/blackbulls.pt\/wp-content\/uploads\/2020\/12\/121107764_2120738128071001_7984256116774205240_o-480x320.jpg 480w, https:\/\/blackbulls.pt\/wp-content\/uploads\/2020\/12\/121107764_2120738128071001_7984256116774205240_o.jpg 1800w\" sizes=\"(max-width: 600px) 100vw, 600px\" \/><\/p>\n<p>Segue-nos em:<\/p>\n<p><a href=\"https:\/\/www.facebook.com\/blackbullscyclingteam\/\" target=\"_blank\" rel=\"attachment noopener wp-att-1686 noreferrer\"><img loading=\"lazy\" class=\"alignleft wp-image-1686\" src=\"https:\/\/blackbulls.pt\/wp-content\/uploads\/2018\/02\/facebook.png\" alt=\"\" width=\"190\" height=\"50\" srcset=\"https:\/\/blackbulls.pt\/wp-content\/uploads\/2018\/02\/facebook.png 1000w, https:\/\/blackbulls.pt\/wp-content\/uploads\/2018\/02\/facebook-300x79.png 300w, https:\/\/blackbulls.pt\/wp-content\/uploads\/2018\/02\/facebook-768x202.png 768w\" sizes=\"(max-width: 190px) 100vw, 190px\" \/><\/a><a href=\"https:\/\/www.instagram.com\/blackbullscyclingteam\/?hl=pt\" target=\"_blank\" rel=\"attachment noopener wp-att-1685 noreferrer\"><img loading=\"lazy\" class=\"wp-image-1685 alignleft\" src=\"https:\/\/blackbulls.pt\/wp-content\/uploads\/2018\/02\/2475.new-instagram-text-logo.png\" alt=\"\" width=\"193\" height=\"50\" srcset=\"https:\/\/blackbulls.pt\/wp-content\/uploads\/2018\/02\/2475.new-instagram-text-logo.png 1000w, https:\/\/blackbulls.pt\/wp-content\/uploads\/2018\/02\/2475.new-instagram-text-logo-300x78.png 300w, https:\/\/blackbulls.pt\/wp-content\/uploads\/2018\/02\/2475.new-instagram-text-logo-768x199.png 768w\" sizes=\"(max-width: 193px) 100vw, 193px\" \/><\/a><\/p>\n","protected":false},"excerpt":{"rendered":"<p>O Inicio de uma Era Da paix\u00e3o pelo desporto ao ar livre, [&hellip;]<\/p>\n","protected":false},"author":1,"featured_media":0,"parent":0,"menu_order":1,"comment_status":"closed","ping_status":"closed","template":"","meta":[],"_links":{"self":[{"href":"https:\/\/blackbulls.pt\/index.php?rest_route=\/wp\/v2\/pages\/2"}],"collection":[{"href":"https:\/\/blackbulls.pt\/index.php?rest_route=\/wp\/v2\/pages"}],"about":[{"href":"https:\/\/blackbulls.pt\/index.php?rest_route=\/wp\/v2\/types\/page"}],"author":[{"embeddable":true,"href":"https:\/\/blackbulls.pt\/index.php?rest_route=\/wp\/v2\/users\/1"}],"replies":[{"embeddable":true,"href":"https:\/\/blackbulls.pt\/index.php?rest_route=%2Fwp%2Fv2%2Fcomments&post=2"}],"version-history":[{"count":71,"href":"https:\/\/blackbulls.pt\/index.php?rest_route=\/wp\/v2\/pages\/2\/revisions"}],"predecessor-version":[{"id":2372,"href":"https:\/\/blackbulls.pt\/index.php?rest_route=\/wp\/v2\/pages\/2\/revisions\/2372"}],"wp:attachment":[{"href":"https:\/\/blackbulls.pt\/index.php?rest_route=%2Fwp%2Fv2%2Fmedia&parent=2"}],"curies":[{"name":"wp","href":"https:\/\/api.w.org\/{rel}","templated":true}]}}